{"id":68,"date":"2022-06-21T21:31:05","date_gmt":"2022-06-21T18:31:05","guid":{"rendered":"http:\/\/m-arc.org\/?page_id=68"},"modified":"2025-05-11T12:18:13","modified_gmt":"2025-05-11T09:18:13","slug":"organic-architecture","status":"publish","type":"page","link":"https:\/\/m-arc.org\/de\/organic-architecture\/","title":{"rendered":"Organische Gestaltung"},"content":{"rendered":"<div class=\"pdfprnt-buttons pdfprnt-buttons-page pdfprnt-top-right\"><a href=\"https:\/\/m-arc.org\/de\/wp-json\/wp\/v2\/pages\/68?print=pdf\" class=\"pdfprnt-button pdfprnt-button-pdf\" target=\"_blank\" ><img decoding=\"async\" src=\"https:\/\/m-arc.org\/wp-content\/plugins\/pdf-print\/images\/pdf.png\" alt=\"image_pdf\" title=\"PDF anzeigen\" \/><\/a><a href=\"https:\/\/m-arc.org\/de\/wp-json\/wp\/v2\/pages\/68?print=print\" class=\"pdfprnt-button pdfprnt-button-print\" target=\"_blank\" ><img decoding=\"async\" src=\"https:\/\/m-arc.org\/wp-content\/plugins\/pdf-print\/images\/print.png\" alt=\"image_print\" title=\"Inhalt drucken\" \/><\/a><\/div><h3>Was ist organische Architektur?<\/h3>\n<p>Organische Architektur ist eine vielgestaltige Architekturstr\u00f6mung, die zu Beginn des 20. Jahrhunderts an verschiedenen Orten gleichzeitig entstanden ist. Pioniere wie Frank Lloyd Wright, Antoni Gaud\u00ed oder Rudolf Steiner orientierten sich, jeder auf seine Weise, an Gesetzm\u00e4\u00dfigkeiten der lebendigen Natur. Es ging ihnen dabei nicht um die Nachahmung von Formen der Natur, sondern vielmehr um die Suche nach einer Gestaltung, die dem Menschen als lebendiges, sich entwickelndes Wesen gerecht werden kann.<\/p>\n<p>Der organischen Architektur liegt die \u00dcberzeugung zugrunde, dass Bauwerke nicht nur Ausdruck von Gesellschaft und Kultur sind, sondern sie auch umgekehrt Ein\ufb02u\u00df nehmen auf \u00e4u\u00dferes und inneres Leben des Menschen. Dabei wird der Menschen sowohl als k\u00f6rperliches als auch psychisches und geistiges Wesen verstanden, das auf jeder dieser Ebenen mit seiner Umgebung in Beziehung steht.<\/p>\n<p>In einer Zeit, in der das Baugeschehen stark durch wirtschaftliche Faktoren, technische Innovationen und b\u00fcrokratische Restriktionen beherrscht wird, strebt die organische Architektur eine integrale Arbeitsweise an, die auch Erlebniswerte, kulturelle Inhalte und Spiritualit\u00e4t umfa\u00dft.<\/p>\n<p>&nbsp;<\/p>\n<figure id=\"attachment_382\" aria-describedby=\"caption-attachment-382\" style=\"width: 225px\" class=\"wp-caption aligncenter\"><a href=\"http:\/\/m-arc.org\/wp-content\/uploads\/2023\/02\/P1010645-scaled.jpg\"><img loading=\"lazy\" decoding=\"async\" class=\"wp-image-382 size-medium\" src=\"http:\/\/m-arc.org\/wp-content\/uploads\/2023\/02\/P1010645-225x300.jpg\" alt=\"\" width=\"225\" height=\"300\" srcset=\"https:\/\/m-arc.org\/wp-content\/uploads\/2023\/02\/P1010645-225x300.jpg 225w, https:\/\/m-arc.org\/wp-content\/uploads\/2023\/02\/P1010645-768x1024.jpg 768w, https:\/\/m-arc.org\/wp-content\/uploads\/2023\/02\/P1010645-1152x1536.jpg 1152w, https:\/\/m-arc.org\/wp-content\/uploads\/2023\/02\/P1010645-1536x2048.jpg 1536w, https:\/\/m-arc.org\/wp-content\/uploads\/2023\/02\/P1010645-scaled.jpg 1920w\" sizes=\"auto, (max-width: 225px) 100vw, 225px\" \/><\/a><figcaption id=\"caption-attachment-382\" class=\"wp-caption-text\">Louis Sullivan &#8211; Carson Pirie Scott Building, Chicago (USA), 1899 \u00a9 L. Fiumara<\/figcaption><\/figure>\n<p>Louis Sullivan (1856\u20131924) f\u00fchrt als einer der ersten den Begriff der \u201corganischen Architektur\u201d ein. Sein der Natur abgelauschtes Kredo \u201cform follows function\u201d machte er zum Ausgangspunkt seiner Architektur. Dabei erweckt er seine \u00fcberwiegend geometrischen Baumassen durch eine besonders reiche und bewegte Ornamentik zum Leben.<\/p>\n<figure id=\"attachment_387\" aria-describedby=\"caption-attachment-387\" style=\"width: 678px\" class=\"wp-caption aligncenter\"><a href=\"http:\/\/m-arc.org\/wp-content\/uploads\/2023\/02\/Colguell0102.jpg\"><img loading=\"lazy\" decoding=\"async\" class=\"wp-image-387 size-large\" src=\"http:\/\/m-arc.org\/wp-content\/uploads\/2023\/02\/Colguell0102-1024x664.jpg\" alt=\"\" width=\"678\" height=\"440\" srcset=\"https:\/\/m-arc.org\/wp-content\/uploads\/2023\/02\/Colguell0102-1024x664.jpg 1024w, https:\/\/m-arc.org\/wp-content\/uploads\/2023\/02\/Colguell0102-300x195.jpg 300w, https:\/\/m-arc.org\/wp-content\/uploads\/2023\/02\/Colguell0102-768x498.jpg 768w, https:\/\/m-arc.org\/wp-content\/uploads\/2023\/02\/Colguell0102-1536x996.jpg 1536w, https:\/\/m-arc.org\/wp-content\/uploads\/2023\/02\/Colguell0102.jpg 1924w\" sizes=\"auto, (max-width: 678px) 100vw, 678px\" \/><\/a><figcaption id=\"caption-attachment-387\" class=\"wp-caption-text\">Antoni Gaud\u00ed &#8211; Cripta G\u00fcell, Santa Coloma de Cervell\u00f3 (ES), 1908 \u00a9 L. Fiumara<\/figcaption><\/figure>\n<p>Antoni Gaud\u00ed (1852\u20131926) bedient sich als erster einer plastischen Formensprache, um die Baumassen wie lebendig erscheinen zu lassen. Die in der Konstruktion wirkenden Kr\u00e4fte bilden dabei einen wichtigen Ausgangspunkt seiner spezi\ufb01schen Form\ufb01ndung. Am Ende seines Lebens entwickelt er in der Sagrada Familia eine der Natur entlehnte Geometrie der doppelt gekr\u00fcmmten Fl\u00e4che.<\/p>\n<figure id=\"attachment_160\" aria-describedby=\"caption-attachment-160\" style=\"width: 678px\" class=\"wp-caption aligncenter\"><a href=\"http:\/\/m-arc.org\/wp-content\/uploads\/2022\/06\/Geistige_Dimension-Teaser.jpg\"><img loading=\"lazy\" decoding=\"async\" class=\"wp-image-160 size-large\" src=\"http:\/\/m-arc.org\/wp-content\/uploads\/2022\/06\/Geistige_Dimension-Teaser-1024x659.jpg\" alt=\"\" width=\"678\" height=\"436\" srcset=\"https:\/\/m-arc.org\/wp-content\/uploads\/2022\/06\/Geistige_Dimension-Teaser-1024x659.jpg 1024w, https:\/\/m-arc.org\/wp-content\/uploads\/2022\/06\/Geistige_Dimension-Teaser-300x193.jpg 300w, https:\/\/m-arc.org\/wp-content\/uploads\/2022\/06\/Geistige_Dimension-Teaser-768x494.jpg 768w, https:\/\/m-arc.org\/wp-content\/uploads\/2022\/06\/Geistige_Dimension-Teaser.jpg 1200w\" sizes=\"auto, (max-width: 678px) 100vw, 678px\" \/><\/a><figcaption id=\"caption-attachment-160\" class=\"wp-caption-text\">Rudolf Steiner &#8211; Goetheanum, Dornach (CH), 1924 \u00a9 L. Fiumara<\/figcaption><\/figure>\n<p>Rudolf Steiner (1861\u20131925) f\u00fchrt das Prinzip der \u201cMetamorphose\u201d in die Architektur ein. Hierdurch werden Entwicklungsprozesse, welche Natur, Kultur und menschliches Leben charakterisieren, durch k\u00fcnstlerische Gestaltung erlebbar gemacht. Durch das Sich- Einlassen auf diese Formen kann ein Bewu\u00dftsein von Zusammenh\u00e4ngen entstehen und bewegliches, lebendiges Denken entwickelt werden.<\/p>\n<figure id=\"attachment_384\" aria-describedby=\"caption-attachment-384\" style=\"width: 678px\" class=\"wp-caption aligncenter\"><a href=\"http:\/\/m-arc.org\/wp-content\/uploads\/2023\/02\/P1010796-scaled.jpg\"><img loading=\"lazy\" decoding=\"async\" class=\"wp-image-384 size-large\" src=\"http:\/\/m-arc.org\/wp-content\/uploads\/2023\/02\/P1010796-1024x768.jpg\" alt=\"\" width=\"678\" height=\"509\" srcset=\"https:\/\/m-arc.org\/wp-content\/uploads\/2023\/02\/P1010796-1024x768.jpg 1024w, https:\/\/m-arc.org\/wp-content\/uploads\/2023\/02\/P1010796-300x225.jpg 300w, https:\/\/m-arc.org\/wp-content\/uploads\/2023\/02\/P1010796-768x576.jpg 768w, https:\/\/m-arc.org\/wp-content\/uploads\/2023\/02\/P1010796-1536x1152.jpg 1536w, https:\/\/m-arc.org\/wp-content\/uploads\/2023\/02\/P1010796-2048x1536.jpg 2048w\" sizes=\"auto, (max-width: 678px) 100vw, 678px\" \/><\/a><figcaption id=\"caption-attachment-384\" class=\"wp-caption-text\">Frank Lloyd Wright &#8211; Unitarian Church, Madison (WI &#8211; USA), 1949 \u00a9 L. Fiumara<\/figcaption><\/figure>\n<p>Frank Lloyd Wright (1869\u20131959) entwickelt die organische Architektur in mehrere Richtungen weiter. Er schlo\u00df in den Begriff des Organischen die Beziehung von Geb\u00e4ude und Landschaft, die Verbindung von Innen- und Au\u00dfenraum, den Zusammenhang zwischen den Teilen eines Geb\u00e4udes und dem Ganzen und einen naturgem\u00e4\u00dfen Umgang mit Baumaterialien ein.<\/p>\n<h4>Die Transformation der Moderne<\/h4>\n<p>Am Ende der zwanziger Jahre scheint die organische Architektur sich nicht weiter zu entwickeln. Wichtige Pioniere wie Sullivan, Steiner und Gaud\u00ed versterben und in Europa sorgen wirtschaftliche Rezession und zweiter Weltkrieg f\u00fcr einen allgemeinen R\u00fcckgang im Bauwesen. In den f\u00fcnfziger und sechziger Jahren erlebt die organische Architektur jedoch eine \u00fcberraschende Wiedergeburt. Auffallend dabei ist, dass vor allem Vertreter des Funktionalismus diesen Durchbruch bewirken. Sie transformieren die anfangs streng geometrische Formensprache der Moderne in eine expressivere, organischere Richtung. In einigen F\u00e4llen, wie bei Le Corbusier, ist das eine \u00fcberraschende Wendung, bei anderen, wie Alvar Aalto und Hans Scharoun, ein eher allm\u00e4hlicher \u00dcbergang.<\/p>\n<figure id=\"attachment_391\" aria-describedby=\"caption-attachment-391\" style=\"width: 678px\" class=\"wp-caption aligncenter\"><a href=\"http:\/\/m-arc.org\/wp-content\/uploads\/2023\/02\/P1110451.jpg\"><img loading=\"lazy\" decoding=\"async\" class=\"wp-image-391 size-large\" src=\"http:\/\/m-arc.org\/wp-content\/uploads\/2023\/02\/P1110451-1024x768.jpg\" alt=\"\" width=\"678\" height=\"509\" srcset=\"https:\/\/m-arc.org\/wp-content\/uploads\/2023\/02\/P1110451-1024x768.jpg 1024w, https:\/\/m-arc.org\/wp-content\/uploads\/2023\/02\/P1110451-300x225.jpg 300w, https:\/\/m-arc.org\/wp-content\/uploads\/2023\/02\/P1110451-768x576.jpg 768w, https:\/\/m-arc.org\/wp-content\/uploads\/2023\/02\/P1110451-1536x1152.jpg 1536w, https:\/\/m-arc.org\/wp-content\/uploads\/2023\/02\/P1110451-2048x1536.jpg 2048w\" sizes=\"auto, (max-width: 678px) 100vw, 678px\" \/><\/a><figcaption id=\"caption-attachment-391\" class=\"wp-caption-text\">Hans Scharoun &#8211; Kammermusiksaal der Philarmonie, Berlin (DE), 1956-1984 \u00a9 L. Fiumara<\/figcaption><\/figure>\n<h4>Organische Architektur weltweit<\/h4>\n<p>In den achtziger und neunziger Jahren \ufb01ndet ein kraftvoller Aufschwung im organischen Bauen statt. Eine neue Generation von Architekten kn\u00fcpft wieder bei Arbeiten von Pionieren wie Wright und Steiner an, verbindet diese Ansatzpunkte aber mit lokalen Bautraditionen, neuen Techniken und eigenen kreativen Impulsen. Auf diesem Weg ist in den letzten Jahrzehnten weltweit eine gro\u00dfe Vielfalt an Ausdrucksformen entstanden.<\/p>\n<figure id=\"attachment_397\" aria-describedby=\"caption-attachment-397\" style=\"width: 678px\" class=\"wp-caption aligncenter\"><a href=\"http:\/\/m-arc.org\/wp-content\/uploads\/2023\/02\/P1020335.jpg\"><img loading=\"lazy\" decoding=\"async\" class=\"wp-image-397 size-large\" src=\"http:\/\/m-arc.org\/wp-content\/uploads\/2023\/02\/P1020335-1024x742.jpg\" alt=\"\" width=\"678\" height=\"491\" srcset=\"https:\/\/m-arc.org\/wp-content\/uploads\/2023\/02\/P1020335-1024x742.jpg 1024w, https:\/\/m-arc.org\/wp-content\/uploads\/2023\/02\/P1020335-300x217.jpg 300w, https:\/\/m-arc.org\/wp-content\/uploads\/2023\/02\/P1020335-768x556.jpg 768w, https:\/\/m-arc.org\/wp-content\/uploads\/2023\/02\/P1020335-1536x1113.jpg 1536w, https:\/\/m-arc.org\/wp-content\/uploads\/2023\/02\/P1020335-2048x1484.jpg 2048w\" sizes=\"auto, (max-width: 678px) 100vw, 678px\" \/><\/a><figcaption id=\"caption-attachment-397\" class=\"wp-caption-text\">Studio BPR &#8211; Festsaal der Waldorfschule Uhlandsh\u00f6he, Stuttgart (DE), 1977 \u00a9 L. Fiumara<\/figcaption><\/figure>\n<p>&nbsp;<\/p>\n<figure id=\"attachment_395\" aria-describedby=\"caption-attachment-395\" style=\"width: 678px\" class=\"wp-caption aligncenter\"><a href=\"http:\/\/m-arc.org\/wp-content\/uploads\/2023\/02\/P1030651.jpg\"><img loading=\"lazy\" decoding=\"async\" class=\"wp-image-395 size-large\" src=\"http:\/\/m-arc.org\/wp-content\/uploads\/2023\/02\/P1030651-1024x467.jpg\" alt=\"\" width=\"678\" height=\"309\" srcset=\"https:\/\/m-arc.org\/wp-content\/uploads\/2023\/02\/P1030651-1024x467.jpg 1024w, https:\/\/m-arc.org\/wp-content\/uploads\/2023\/02\/P1030651-300x137.jpg 300w, https:\/\/m-arc.org\/wp-content\/uploads\/2023\/02\/P1030651-768x350.jpg 768w, https:\/\/m-arc.org\/wp-content\/uploads\/2023\/02\/P1030651-1536x700.jpg 1536w, https:\/\/m-arc.org\/wp-content\/uploads\/2023\/02\/P1030651-2048x934.jpg 2048w\" sizes=\"auto, (max-width: 678px) 100vw, 678px\" \/><\/a><figcaption id=\"caption-attachment-395\" class=\"wp-caption-text\">Erik Asmussen &#8211; Kulturhaus des Rudolf Steiner Seminars, J\u00e4rna (SE), 1992 \u00a9 L. Fiumara<\/figcaption><\/figure>\n<p>&nbsp;<\/p>\n<figure id=\"attachment_159\" aria-describedby=\"caption-attachment-159\" style=\"width: 678px\" class=\"wp-caption aligncenter\"><a href=\"http:\/\/m-arc.org\/wp-content\/uploads\/2022\/06\/Credo-Teaser.jpg\"><img loading=\"lazy\" decoding=\"async\" class=\"wp-image-159 size-large\" src=\"http:\/\/m-arc.org\/wp-content\/uploads\/2022\/06\/Credo-Teaser-1024x673.jpg\" alt=\"\" width=\"678\" height=\"446\" srcset=\"https:\/\/m-arc.org\/wp-content\/uploads\/2022\/06\/Credo-Teaser-1024x673.jpg 1024w, https:\/\/m-arc.org\/wp-content\/uploads\/2022\/06\/Credo-Teaser-300x197.jpg 300w, https:\/\/m-arc.org\/wp-content\/uploads\/2022\/06\/Credo-Teaser-768x505.jpg 768w, https:\/\/m-arc.org\/wp-content\/uploads\/2022\/06\/Credo-Teaser.jpg 1200w\" sizes=\"auto, (max-width: 678px) 100vw, 678px\" \/><\/a><figcaption id=\"caption-attachment-159\" class=\"wp-caption-text\">Alberts &amp; Van Huut &#8211; B\u00fcrogeb\u00e4ude Gasunie, Groningen (NL), 1994 \u00a9 P. van der Ree<\/figcaption><\/figure>\n<h3>\nBibliographie<\/h3>\n<p><a href=\"https:\/\/m-arc.org\/wp-content\/uploads\/2025\/05\/Archliteratur.pdf\">https:\/\/m-arc.org\/wp-content\/uploads\/2025\/05\/Archliteratur.pdf<\/a><\/p>\n<p><a href=\"https:\/\/sbk.goetheanum.org\/literatur\">https:\/\/sbk.goetheanum.org\/literatur<\/a><\/p>\n","protected":false},"excerpt":{"rendered":"<p>Was ist organische Architektur? Organische Architektur ist eine vielgestaltige Architekturstr\u00f6mung, die zu Beginn des 20. Jahrhunderts an verschiedenen Orten gleichzeitig entstanden ist. Pioniere wie Frank Lloyd Wright, Antoni Gaud\u00ed oder Rudolf Steiner orientierten sich, jeder auf seine Weise, an Gesetzm\u00e4\u00dfigkeiten der lebendigen Natur. Es ging ihnen dabei nicht um die Nachahmung von Formen der Natur, [&hellip;]<\/p>\n","protected":false},"author":3,"featured_media":0,"parent":0,"menu_order":0,"comment_status":"closed","ping_status":"closed","template":"front-page.php","meta":{"footnotes":""},"class_list":["post-68","page","type-page","status-publish","hentry"],"_links":{"self":[{"href":"https:\/\/m-arc.org\/de\/wp-json\/wp\/v2\/pages\/68","targetHints":{"allow":["GET"]}}],"collection":[{"href":"https:\/\/m-arc.org\/de\/wp-json\/wp\/v2\/pages"}],"about":[{"href":"https:\/\/m-arc.org\/de\/wp-json\/wp\/v2\/types\/page"}],"author":[{"embeddable":true,"href":"https:\/\/m-arc.org\/de\/wp-json\/wp\/v2\/users\/3"}],"replies":[{"embeddable":true,"href":"https:\/\/m-arc.org\/de\/wp-json\/wp\/v2\/comments?post=68"}],"version-history":[{"count":14,"href":"https:\/\/m-arc.org\/de\/wp-json\/wp\/v2\/pages\/68\/revisions"}],"predecessor-version":[{"id":1027,"href":"https:\/\/m-arc.org\/de\/wp-json\/wp\/v2\/pages\/68\/revisions\/1027"}],"wp:attachment":[{"href":"https:\/\/m-arc.org\/de\/wp-json\/wp\/v2\/media?parent=68"}],"curies":[{"name":"wp","href":"https:\/\/api.w.org\/{rel}","templated":true}]}}