{"id":68,"date":"2022-06-21T21:31:05","date_gmt":"2022-06-21T18:31:05","guid":{"rendered":"http:\/\/m-arc.org\/?page_id=68"},"modified":"2025-05-11T12:18:13","modified_gmt":"2025-05-11T09:18:13","slug":"organic-architecture","status":"publish","type":"page","link":"https:\/\/m-arc.org\/fr\/organic-architecture\/","title":{"rendered":"Architecture organique"},"content":{"rendered":"<div class=\"pdfprnt-buttons pdfprnt-buttons-page pdfprnt-top-right\"><a href=\"https:\/\/m-arc.org\/fr\/wp-json\/wp\/v2\/pages\/68?print=pdf\" class=\"pdfprnt-button pdfprnt-button-pdf\" target=\"_blank\" ><img decoding=\"async\" src=\"https:\/\/m-arc.org\/wp-content\/plugins\/pdf-print\/images\/pdf.png\" alt=\"image_pdf\" title=\"View PDF\" \/><\/a><a href=\"https:\/\/m-arc.org\/fr\/wp-json\/wp\/v2\/pages\/68?print=print\" class=\"pdfprnt-button pdfprnt-button-print\" target=\"_blank\" ><img decoding=\"async\" src=\"https:\/\/m-arc.org\/wp-content\/plugins\/pdf-print\/images\/print.png\" alt=\"image_print\" title=\"Print Content\" \/><\/a><\/div><h3>Qu&rsquo;est-ce que l&rsquo;architecture organique ?<\/h3>\n<p>L&rsquo;architecture organique est un courant architectural multiforme qui a vu le jour simultan\u00e9ment en diff\u00e9rents lieux au d\u00e9but du 20<sup>\u00e8me<\/sup> si\u00e8cle. Des pionniers comme Frank Lloyd Wright, Antoni Gaud\u00ed ou Rudolf Steiner se sont inspir\u00e9s, chacun \u00e0 leur mani\u00e8re, des lois de la nature vivante. Il ne s&rsquo;agissait pas pour eux d&rsquo;imiter les formes de la nature, mais plut\u00f4t de rechercher une conception adapt\u00e9e \u00e0 l&rsquo;homme en tant qu&rsquo;\u00eatre vivant et en d\u00e9veloppement.<\/p>\n<p>L&rsquo;architecture organique repose sur la conviction que les b\u00e2timents ne sont pas seulement l&rsquo;expression de la soci\u00e9t\u00e9 et de la culture, mais qu&rsquo;ils ont \u00e9galement une influence sur la vie ext\u00e9rieure et int\u00e9rieure de l&rsquo;homme. L&rsquo;homme est consid\u00e9r\u00e9 comme un \u00eatre physique, psychique et spirituel, qui est en relation avec son environnement \u00e0 chacun de ces niveaux.<\/p>\n<p>\u00c0 une \u00e9poque o\u00f9 la construction est fortement domin\u00e9e par des facteurs \u00e9conomiques, des innovations techniques et des restrictions bureaucratiques, l&rsquo;architecture organique aspire \u00e0 une m\u00e9thode de travail int\u00e9grale qui inclut \u00e9galement des valeurs d&rsquo;exp\u00e9rience, des contenus culturels et une spiritualit\u00e9.<\/p>\n<p><strong>Les pionniers<\/strong><\/p>\n<figure id=\"attachment_382\" aria-describedby=\"caption-attachment-382\" style=\"width: 225px\" class=\"wp-caption aligncenter\"><a href=\"http:\/\/m-arc.org\/wp-content\/uploads\/2023\/02\/P1010645-scaled.jpg\"><img loading=\"lazy\" decoding=\"async\" class=\"wp-image-382 size-medium\" src=\"http:\/\/m-arc.org\/wp-content\/uploads\/2023\/02\/P1010645-225x300.jpg\" alt=\"\" width=\"225\" height=\"300\" srcset=\"https:\/\/m-arc.org\/wp-content\/uploads\/2023\/02\/P1010645-225x300.jpg 225w, https:\/\/m-arc.org\/wp-content\/uploads\/2023\/02\/P1010645-768x1024.jpg 768w, https:\/\/m-arc.org\/wp-content\/uploads\/2023\/02\/P1010645-1152x1536.jpg 1152w, https:\/\/m-arc.org\/wp-content\/uploads\/2023\/02\/P1010645-1536x2048.jpg 1536w, https:\/\/m-arc.org\/wp-content\/uploads\/2023\/02\/P1010645-scaled.jpg 1920w\" sizes=\"auto, (max-width: 225px) 100vw, 225px\" \/><\/a><figcaption id=\"caption-attachment-382\" class=\"wp-caption-text\">Louis Sullivan &#8211; Carson Pirie Scott Building, Chicago (USA), 1899 \u00a9 L. Fiumara<\/figcaption><\/figure>\n<p>Louis Sullivan (1856-1924) est l&rsquo;un des premiers \u00e0 introduire le concept d'\u00a0\u00bbarchitecture organique\u00a0\u00bb. Il a fait de son credo \u00ab\u00a0form follows function\u00a0\u00bb, emprunt\u00e9 \u00e0 la nature, le point de d\u00e9part de son architecture. Il donne ainsi vie \u00e0 ses volumes architecturaaux essentiellement g\u00e9om\u00e9triques gr\u00e2ce \u00e0 une ornementation particuli\u00e8rement riche et dynamique.<\/p>\n<figure id=\"attachment_387\" aria-describedby=\"caption-attachment-387\" style=\"width: 678px\" class=\"wp-caption aligncenter\"><a href=\"http:\/\/m-arc.org\/wp-content\/uploads\/2023\/02\/Colguell0102.jpg\"><img loading=\"lazy\" decoding=\"async\" class=\"wp-image-387 size-large\" src=\"http:\/\/m-arc.org\/wp-content\/uploads\/2023\/02\/Colguell0102-1024x664.jpg\" alt=\"\" width=\"678\" height=\"440\" srcset=\"https:\/\/m-arc.org\/wp-content\/uploads\/2023\/02\/Colguell0102-1024x664.jpg 1024w, https:\/\/m-arc.org\/wp-content\/uploads\/2023\/02\/Colguell0102-300x195.jpg 300w, https:\/\/m-arc.org\/wp-content\/uploads\/2023\/02\/Colguell0102-768x498.jpg 768w, https:\/\/m-arc.org\/wp-content\/uploads\/2023\/02\/Colguell0102-1536x996.jpg 1536w, https:\/\/m-arc.org\/wp-content\/uploads\/2023\/02\/Colguell0102.jpg 1924w\" sizes=\"auto, (max-width: 678px) 100vw, 678px\" \/><\/a><figcaption id=\"caption-attachment-387\" class=\"wp-caption-text\">Antoni Gaud\u00ed &#8211; Cripta G\u00fcell, Santa Coloma de Cervell\u00f3 (ES), 1908 \u00a9 L. Fiumara<\/figcaption><\/figure>\n<p>Antoni Gaud\u00ed (1852-1926) est le premier \u00e0 utiliser un langage plastique pour donner une apparence vivante aux volumes construits. Les forces agissantes dans la construction constituent un point de d\u00e9part important pour de sa recherche de forme. \u00c0 la fin de sa vie, il d\u00e9veloppe dans la Sagrada Familia une g\u00e9om\u00e9trie de surface \u00e0 double courbure emprunt\u00e9e \u00e0 la nature.<\/p>\n<figure id=\"attachment_160\" aria-describedby=\"caption-attachment-160\" style=\"width: 678px\" class=\"wp-caption aligncenter\"><a href=\"http:\/\/m-arc.org\/wp-content\/uploads\/2022\/06\/Geistige_Dimension-Teaser.jpg\"><img loading=\"lazy\" decoding=\"async\" class=\"wp-image-160 size-large\" src=\"http:\/\/m-arc.org\/wp-content\/uploads\/2022\/06\/Geistige_Dimension-Teaser-1024x659.jpg\" alt=\"\" width=\"678\" height=\"436\" srcset=\"https:\/\/m-arc.org\/wp-content\/uploads\/2022\/06\/Geistige_Dimension-Teaser-1024x659.jpg 1024w, https:\/\/m-arc.org\/wp-content\/uploads\/2022\/06\/Geistige_Dimension-Teaser-300x193.jpg 300w, https:\/\/m-arc.org\/wp-content\/uploads\/2022\/06\/Geistige_Dimension-Teaser-768x494.jpg 768w, https:\/\/m-arc.org\/wp-content\/uploads\/2022\/06\/Geistige_Dimension-Teaser.jpg 1200w\" sizes=\"auto, (max-width: 678px) 100vw, 678px\" \/><\/a><figcaption id=\"caption-attachment-160\" class=\"wp-caption-text\">Rudolf Steiner &#8211; Goetheanum, Dornach (CH), 1924 \u00a9 L. Fiumara<\/figcaption><\/figure>\n<p>Rudolf Steiner (1861-1925) introduit le principe de la \u00ab\u00a0m\u00e9tamorphose\u00a0\u00bb dans l&rsquo;architecture. Les processus de d\u00e9veloppement qui caract\u00e9risent la nature, la culture et la vie humaine sont ainsi rendus perceptibles par la cr\u00e9ation artistique. L\u2019exp\u00e9rience de ces formes permet de prendre conscience des relations et de d\u00e9velopper une pens\u00e9e mobile et vivante.<\/p>\n<p>&nbsp;<\/p>\n<figure id=\"attachment_384\" aria-describedby=\"caption-attachment-384\" style=\"width: 678px\" class=\"wp-caption aligncenter\"><a href=\"http:\/\/m-arc.org\/wp-content\/uploads\/2023\/02\/P1010796-scaled.jpg\"><img loading=\"lazy\" decoding=\"async\" class=\"wp-image-384 size-large\" src=\"http:\/\/m-arc.org\/wp-content\/uploads\/2023\/02\/P1010796-1024x768.jpg\" alt=\"\" width=\"678\" height=\"509\" srcset=\"https:\/\/m-arc.org\/wp-content\/uploads\/2023\/02\/P1010796-1024x768.jpg 1024w, https:\/\/m-arc.org\/wp-content\/uploads\/2023\/02\/P1010796-300x225.jpg 300w, https:\/\/m-arc.org\/wp-content\/uploads\/2023\/02\/P1010796-768x576.jpg 768w, https:\/\/m-arc.org\/wp-content\/uploads\/2023\/02\/P1010796-1536x1152.jpg 1536w, https:\/\/m-arc.org\/wp-content\/uploads\/2023\/02\/P1010796-2048x1536.jpg 2048w\" sizes=\"auto, (max-width: 678px) 100vw, 678px\" \/><\/a><figcaption id=\"caption-attachment-384\" class=\"wp-caption-text\">Frank Lloyd Wright &#8211; Unitarian Church, Madison (WI &#8211; USA), 1949 \u00a9 L. Fiumara<\/figcaption><\/figure>\n<p>Frank Lloyd Wright (1869-1959) d\u00e9veloppe l&rsquo;architecture organique dans plusieurs directions. Il a inclus dans la notion d&rsquo;organicit\u00e9 la relation entre le b\u00e2timent et le paysage, le lien entre l&rsquo;int\u00e9rieur et l&rsquo;ext\u00e9rieur, le lien entre les parties d&rsquo;un b\u00e2timent et l&rsquo;ensemble, et une utilisation des mat\u00e9riaux de construction conforme \u00e0 la nature.<\/p>\n<h4>La transformation du style moderne<\/h4>\n<p>A la fin des ann\u00e9es 20, l&rsquo;architecture organique ne semble plus \u00e9voluer. Des pionniers importants comme Sullivan, Steiner et Gaud\u00ed sont d\u00e9c\u00e9d\u00e9s et, en Europe, la r\u00e9cession \u00e9conomique puis la Seconde Guerre mondiale provoquent un recul g\u00e9n\u00e9ralis\u00e9 de la construction. Dans les ann\u00e9es cinquante et soixante, l&rsquo;architecture organique conna\u00eet toutefois une renaissance \u00e9tonnante. Il est frappant de constater que ce sont surtout les repr\u00e9sentants du fonctionnalisme qui sont \u00e0 l&rsquo;origine de cette perc\u00e9e. Ils transforment le langage formel initialement strictement g\u00e9om\u00e9trique du modernisme dans une direction plus expressive et plus organique. Dans certains cas, comme chez Le Corbusier, il s&rsquo;agit d&rsquo;un virage surprenant, tandis que chez d&rsquo;autres, comme Alvar Aalto et Hans Scharoun, la transition est plus progressive.<\/p>\n<figure id=\"attachment_391\" aria-describedby=\"caption-attachment-391\" style=\"width: 678px\" class=\"wp-caption aligncenter\"><a href=\"http:\/\/m-arc.org\/wp-content\/uploads\/2023\/02\/P1110451.jpg\"><img loading=\"lazy\" decoding=\"async\" class=\"wp-image-391 size-large\" src=\"http:\/\/m-arc.org\/wp-content\/uploads\/2023\/02\/P1110451-1024x768.jpg\" alt=\"\" width=\"678\" height=\"509\" srcset=\"https:\/\/m-arc.org\/wp-content\/uploads\/2023\/02\/P1110451-1024x768.jpg 1024w, https:\/\/m-arc.org\/wp-content\/uploads\/2023\/02\/P1110451-300x225.jpg 300w, https:\/\/m-arc.org\/wp-content\/uploads\/2023\/02\/P1110451-768x576.jpg 768w, https:\/\/m-arc.org\/wp-content\/uploads\/2023\/02\/P1110451-1536x1152.jpg 1536w, https:\/\/m-arc.org\/wp-content\/uploads\/2023\/02\/P1110451-2048x1536.jpg 2048w\" sizes=\"auto, (max-width: 678px) 100vw, 678px\" \/><\/a><figcaption id=\"caption-attachment-391\" class=\"wp-caption-text\">Hans Scharoun &#8211; Chamber music hall, Berlin (DE), 1956-1984 \u00a9 L. Fiumara<\/figcaption><\/figure>\n<h4>L&rsquo;architecture organique dans le monde<\/h4>\n<p>Dans les ann\u00e9es quatre-vingt et quatre-vingt-dix, on assiste \u00e0 un puissant essor de l&rsquo;architecture organique. Une nouvelle g\u00e9n\u00e9ration d&rsquo;architectes renoue avec les travaux de pionniers comme Wright et Steiner, mais en associant ces points de d\u00e9part \u00e0 des traditions de construction locales, de nouvelles techniques et \u00e0 ses propres impulsions cr\u00e9atives. C&rsquo;est ainsi qu&rsquo;une grande diversit\u00e9 de formes d&rsquo;expression a vu le jour dans le monde entier au cours des derni\u00e8res d\u00e9cennies.<\/p>\n<figure id=\"attachment_397\" aria-describedby=\"caption-attachment-397\" style=\"width: 678px\" class=\"wp-caption aligncenter\"><a href=\"http:\/\/m-arc.org\/wp-content\/uploads\/2023\/02\/P1020335.jpg\"><img loading=\"lazy\" decoding=\"async\" class=\"wp-image-397 size-large\" src=\"http:\/\/m-arc.org\/wp-content\/uploads\/2023\/02\/P1020335-1024x742.jpg\" alt=\"\" width=\"678\" height=\"491\" srcset=\"https:\/\/m-arc.org\/wp-content\/uploads\/2023\/02\/P1020335-1024x742.jpg 1024w, https:\/\/m-arc.org\/wp-content\/uploads\/2023\/02\/P1020335-300x217.jpg 300w, https:\/\/m-arc.org\/wp-content\/uploads\/2023\/02\/P1020335-768x556.jpg 768w, https:\/\/m-arc.org\/wp-content\/uploads\/2023\/02\/P1020335-1536x1113.jpg 1536w, https:\/\/m-arc.org\/wp-content\/uploads\/2023\/02\/P1020335-2048x1484.jpg 2048w\" sizes=\"auto, (max-width: 678px) 100vw, 678px\" \/><\/a><figcaption id=\"caption-attachment-397\" class=\"wp-caption-text\">Studio BPR -Salle des f\u00eates de l&rsquo;\u00e9cole Waldorf Uhlandsh\u00f6he, Stuttgart (DE), 1977 \u00a9 L. Fiumara<\/figcaption><\/figure>\n<p>&nbsp;<\/p>\n<figure id=\"attachment_395\" aria-describedby=\"caption-attachment-395\" style=\"width: 678px\" class=\"wp-caption aligncenter\"><a href=\"http:\/\/m-arc.org\/wp-content\/uploads\/2023\/02\/P1030651.jpg\"><img loading=\"lazy\" decoding=\"async\" class=\"wp-image-395 size-large\" src=\"http:\/\/m-arc.org\/wp-content\/uploads\/2023\/02\/P1030651-1024x467.jpg\" alt=\"\" width=\"678\" height=\"309\" srcset=\"https:\/\/m-arc.org\/wp-content\/uploads\/2023\/02\/P1030651-1024x467.jpg 1024w, https:\/\/m-arc.org\/wp-content\/uploads\/2023\/02\/P1030651-300x137.jpg 300w, https:\/\/m-arc.org\/wp-content\/uploads\/2023\/02\/P1030651-768x350.jpg 768w, https:\/\/m-arc.org\/wp-content\/uploads\/2023\/02\/P1030651-1536x700.jpg 1536w, https:\/\/m-arc.org\/wp-content\/uploads\/2023\/02\/P1030651-2048x934.jpg 2048w\" sizes=\"auto, (max-width: 678px) 100vw, 678px\" \/><\/a><figcaption id=\"caption-attachment-395\" class=\"wp-caption-text\">Erik Asmussen -Maison de la culture du S\u00e9minaire Rudolf Steiner, J\u00e4rna (SE), 1992 \u00a9 L. Fiumara<\/figcaption><\/figure>\n<p>&nbsp;<\/p>\n<figure id=\"attachment_159\" aria-describedby=\"caption-attachment-159\" style=\"width: 678px\" class=\"wp-caption aligncenter\"><a href=\"http:\/\/m-arc.org\/wp-content\/uploads\/2022\/06\/Credo-Teaser.jpg\"><img loading=\"lazy\" decoding=\"async\" class=\"wp-image-159 size-large\" src=\"http:\/\/m-arc.org\/wp-content\/uploads\/2022\/06\/Credo-Teaser-1024x673.jpg\" alt=\"\" width=\"678\" height=\"446\" srcset=\"https:\/\/m-arc.org\/wp-content\/uploads\/2022\/06\/Credo-Teaser-1024x673.jpg 1024w, https:\/\/m-arc.org\/wp-content\/uploads\/2022\/06\/Credo-Teaser-300x197.jpg 300w, https:\/\/m-arc.org\/wp-content\/uploads\/2022\/06\/Credo-Teaser-768x505.jpg 768w, https:\/\/m-arc.org\/wp-content\/uploads\/2022\/06\/Credo-Teaser.jpg 1200w\" sizes=\"auto, (max-width: 678px) 100vw, 678px\" \/><\/a><figcaption id=\"caption-attachment-159\" class=\"wp-caption-text\">Alberts &amp; Van Huut &#8211; Gasunie, Groningen (NL), 1994 \u00a9 P. van der Ree<\/figcaption><\/figure>\n<h3>Bibliographie<\/h3>\n<p><a href=\"https:\/\/m-arc.org\/wp-content\/uploads\/2025\/05\/Archliteratur.pdf\">https:\/\/m-arc.org\/wp-content\/uploads\/2025\/05\/Archliteratur.pdf<\/a><\/p>\n<p><a href=\"https:\/\/sbk.goetheanum.org\/literatur\">https:\/\/sbk.goetheanum.org\/literatur<\/a><\/p>\n","protected":false},"excerpt":{"rendered":"<p>Qu&rsquo;est-ce que l&rsquo;architecture organique ? L&rsquo;architecture organique est un courant architectural multiforme qui a vu le jour simultan\u00e9ment en diff\u00e9rents lieux au d\u00e9but du 20\u00e8me si\u00e8cle. Des pionniers comme Frank Lloyd Wright, Antoni Gaud\u00ed ou Rudolf Steiner se sont inspir\u00e9s, chacun \u00e0 leur mani\u00e8re, des lois de la nature vivante. Il ne s&rsquo;agissait pas pour [&hellip;]<\/p>\n","protected":false},"author":3,"featured_media":0,"parent":0,"menu_order":0,"comment_status":"closed","ping_status":"closed","template":"front-page.php","meta":{"footnotes":""},"class_list":["post-68","page","type-page","status-publish","hentry"],"_links":{"self":[{"href":"https:\/\/m-arc.org\/fr\/wp-json\/wp\/v2\/pages\/68","targetHints":{"allow":["GET"]}}],"collection":[{"href":"https:\/\/m-arc.org\/fr\/wp-json\/wp\/v2\/pages"}],"about":[{"href":"https:\/\/m-arc.org\/fr\/wp-json\/wp\/v2\/types\/page"}],"author":[{"embeddable":true,"href":"https:\/\/m-arc.org\/fr\/wp-json\/wp\/v2\/users\/3"}],"replies":[{"embeddable":true,"href":"https:\/\/m-arc.org\/fr\/wp-json\/wp\/v2\/comments?post=68"}],"version-history":[{"count":14,"href":"https:\/\/m-arc.org\/fr\/wp-json\/wp\/v2\/pages\/68\/revisions"}],"predecessor-version":[{"id":1027,"href":"https:\/\/m-arc.org\/fr\/wp-json\/wp\/v2\/pages\/68\/revisions\/1027"}],"wp:attachment":[{"href":"https:\/\/m-arc.org\/fr\/wp-json\/wp\/v2\/media?parent=68"}],"curies":[{"name":"wp","href":"https:\/\/api.w.org\/{rel}","templated":true}]}}